{"id":3974,"date":"2020-12-06T14:34:33","date_gmt":"2020-12-06T14:34:33","guid":{"rendered":"https:\/\/www.cgtaragonlarioja.org\/fedens\/?page_id=3974"},"modified":"2023-12-02T13:17:55","modified_gmt":"2023-12-02T12:17:55","slug":"cgt-aragon-larioja-fedens","status":"publish","type":"page","link":"https:\/\/www.cgtaragonlarioja.org\/fedens\/","title":{"rendered":"Inicio"},"content":{"rendered":"                <div  class=\"wppb-row-parent  wppb-row-1610744148441 \"  >\n\t\t\t\t\t\n\t\t\t\t\t\t\t\t\t\t\n\t\t\t\t\t\t\t\t\t\t\n\t\t\t\t\t<div class=\"wppb-container \">\n\t\t\t\t\t\t\t\t\t\t\t\t\t\n                        <div class=\"wppb-row\">\n\t\t\t\t\t\t\t                                    <div  class=\"wppb-column-parent wppb-column-parent-view wppb-col-1610744148440 noticiasinicio wppb-wow fadeIn\"  data-wow-delay='ms'  data-wow-duration='ms'  >\n                                        <div class=\"wppb-column\">\n\t\t\t\t\t\n\t\t\t\t\t\t\t\t\t\t\t\n                                            <div class=\"wppb-builder-addons\">\n\t\t\t\t\t\t\t\t\t\t\t\t<div class='wppb-builder-addon wppb-widget-1610744225433 wppb-addon-1610744225433'  data-addon-id='1610744225433'><div class='wppb-widget'>\t\t\t<section class=\"cm-post-widget-section cm-post-widget-two\">\r\n\t\t\t\t<div class=\"section_inner\">\r\n\t\t\t\t\t\t\t\t\t\t<div class=\"row\">\r\n\t\t\t\t\t\t\t\t\t\t\t\t\t\t<div class=\"cm-col-lg-6 cm-col-md-12 cm-col-12\">\r\n\t\t\t\t\t\t\t\t\t<article class=\"big-card\">\r\n\t\t\t\t\t\t\t\t\t\t<div class=\"post_thumb\">\r\n\t\t\t\t\t\t\t\t\t\t\t\t\t<a href=\"https:\/\/www.cgtaragonlarioja.org\/fedens\/curso-formacion-vocal-para-docentes\/\">\r\n\t\t\t<figure class=\"imghover\">\r\n\t\t\t\t<img loading=\"lazy\" decoding=\"async\" width=\"336\" height=\"280\" src=\"https:\/\/www.cgtaragonlarioja.org\/fedens\/files\/2026\/04\/cartel.png\" class=\"attachment-cream-magazine-thumbnail-2 size-cream-magazine-thumbnail-2 wp-post-image\" alt=\"Curso Formaci\u00f3n vocal  para docentes\" srcset=\"https:\/\/www.cgtaragonlarioja.org\/fedens\/files\/2026\/04\/cartel.png 336w, https:\/\/www.cgtaragonlarioja.org\/fedens\/files\/2026\/04\/cartel-300x250.png 300w\" sizes=\"auto, (max-width: 336px) 100vw, 336px\" \/>\t\t\t<\/figure>\r\n\t\t<\/a>\r\n\t\t\t\t\t\t\t\t\t\t\t\t\t<div class=\"post-holder\">\r\n\t\t\t\t\t\t\t\t\t\t\t\t\t\t\t\t\t\t\t\t\t\t\t\t<div class=\"post_title\">\r\n\t\t\t\t\t\t\t\t\t\t\t\t\t<h2><a href=\"https:\/\/www.cgtaragonlarioja.org\/fedens\/curso-formacion-vocal-para-docentes\/\">Curso Formaci\u00f3n vocal  para docentes<\/a><\/h2>\r\n\t\t\t\t\t\t\t\t\t\t\t\t<\/div>\r\n\t\t\t\t\t\t\t\t\t\t\t\t\t\t\t<div class=\"cm-post-meta\">\r\n\t\t\t\t<ul class=\"post_meta\">\r\n\t\t\t\t\t\t\t\t\t\t\t<li class=\"post_author\">\r\n\t\t\t\t\t\t\t<a href=\"https:\/\/www.cgtaragonlarioja.org\/fedens\/author\/fasecgt\/\">CGT Ense\u00f1anza Arag\u00f3n<\/a>\r\n\t\t\t\t\t\t<\/li><!-- .post_author -->\r\n\t\t\t\t\t\t\t\t\t\t\t\t<li class=\"posted_date\">\r\n\t\t\t\t\t\t\t<a href=\"https:\/\/www.cgtaragonlarioja.org\/fedens\/curso-formacion-vocal-para-docentes\/\"><time class=\"entry-date published updated\" datetime=\"2026-04-27T17:07:47+02:00\">27 de abril de 2026<\/time><\/a>\r\n\t\t\t\t\t\t<\/li><!-- .posted_date -->\r\n\t\t\t\t\t\t\t\t\t\t<\/ul><!-- .post_meta -->\r\n\t\t\t<\/div><!-- .meta -->\r\n\t\t\t\t\t\t\t\t\t\t\t\t\t\t<\/div><!-- .post-holder -->\r\n\t\t\t\t\t\t\t\t\t\t<\/div><!-- .post_thumb -->\r\n\t\t\t\t\t\t\t\t\t<\/article><!-- .card -->\r\n\t\t\t\t\t\t\t\t\t<!-- <div class=\"mask\"><\/div> --><!-- .mask -->\r\n\t\t\t\t\t\t\t\t<\/div><!-- .col -->\r\n\t\t\t\t\t\t\t\t\t\t\t\t\t\t\t\t<div class=\"cm-col-lg-6 cm-col-md-12 cm-col-12\">\r\n\t\t\t\t\t\t\t\t\t<article class=\"big-card\">\r\n\t\t\t\t\t\t\t\t\t\t<div class=\"post_thumb\">\r\n\t\t\t\t\t\t\t\t\t\t\t\t\t<a href=\"https:\/\/www.cgtaragonlarioja.org\/fedens\/7-m-huelga-estatal-de-trabajadoras-de-0-3-anos\/\">\r\n\t\t\t<figure class=\"imghover\">\r\n\t\t\t\t<img loading=\"lazy\" decoding=\"async\" width=\"585\" height=\"450\" src=\"https:\/\/www.cgtaragonlarioja.org\/fedens\/files\/2026\/04\/Huelga-7-mayo-585x450.jpeg\" class=\"attachment-cream-magazine-thumbnail-2 size-cream-magazine-thumbnail-2 wp-post-image\" alt=\"7-M: Huelga estatal de trabajadoras de 0-3 a\u00f1os\" \/>\t\t\t<\/figure>\r\n\t\t<\/a>\r\n\t\t\t\t\t\t\t\t\t\t\t\t\t<div class=\"post-holder\">\r\n\t\t\t\t\t\t\t\t\t\t\t\t\t\t\t\t\t\t\t\t\t\t\t\t<div class=\"post_title\">\r\n\t\t\t\t\t\t\t\t\t\t\t\t\t<h2><a href=\"https:\/\/www.cgtaragonlarioja.org\/fedens\/7-m-huelga-estatal-de-trabajadoras-de-0-3-anos\/\">7-M: Huelga estatal de trabajadoras de 0-3 a\u00f1os<\/a><\/h2>\r\n\t\t\t\t\t\t\t\t\t\t\t\t<\/div>\r\n\t\t\t\t\t\t\t\t\t\t\t\t\t\t\t<div class=\"cm-post-meta\">\r\n\t\t\t\t<ul class=\"post_meta\">\r\n\t\t\t\t\t\t\t\t\t\t\t<li class=\"post_author\">\r\n\t\t\t\t\t\t\t<a href=\"https:\/\/www.cgtaragonlarioja.org\/fedens\/author\/fasecgt\/\">CGT Ense\u00f1anza Arag\u00f3n<\/a>\r\n\t\t\t\t\t\t<\/li><!-- .post_author -->\r\n\t\t\t\t\t\t\t\t\t\t\t\t<li class=\"posted_date\">\r\n\t\t\t\t\t\t\t<a href=\"https:\/\/www.cgtaragonlarioja.org\/fedens\/7-m-huelga-estatal-de-trabajadoras-de-0-3-anos\/\"><time class=\"entry-date published\" datetime=\"2026-04-23T16:45:04+02:00\">23 de abril de 2026<\/time><\/a>\r\n\t\t\t\t\t\t<\/li><!-- .posted_date -->\r\n\t\t\t\t\t\t\t\t\t\t<\/ul><!-- .post_meta -->\r\n\t\t\t<\/div><!-- .meta -->\r\n\t\t\t\t\t\t\t\t\t\t\t\t\t\t<\/div><!-- .post-holder -->\r\n\t\t\t\t\t\t\t\t\t\t<\/div><!-- .post_thumb -->\r\n\t\t\t\t\t\t\t\t\t<\/article><!-- .card -->\r\n\t\t\t\t\t\t\t\t\t<!-- <div class=\"mask\"><\/div> --><!-- .mask -->\r\n\t\t\t\t\t\t\t\t<\/div><!-- .col -->\r\n\t\t\t\t\t\t\t\t\t\t\t\t\t<\/div><!-- .row.clearfix -->\r\n\t\t\t\t\t<div class=\"row\">\r\n\t\t\t\t\t\t\t\t\t\t\t\t\t\t<div class=\"cm-col-lg-3 cm-col-md-6 cm-col-12\">\r\n\t\t\t\t\t\t\t\t\t<div class=\"small-card\">\r\n\t\t\t\t\t\t\t\t\t\t<div class=\"post_thumb\">\r\n\t\t\t\t\t\t\t\t\t\t\t\t\t<a href=\"https:\/\/www.cgtaragonlarioja.org\/fedens\/cgt-exige-una-auditoria-externa-que-evalue-la-situacion-del-servicio-de-prevencion-de-riesgos-laborales-de-la-dga\/\">\r\n\t\t\t<figure class=\"imghover\">\r\n\t\t\t\t<img loading=\"lazy\" decoding=\"async\" width=\"740\" height=\"450\" src=\"https:\/\/www.cgtaragonlarioja.org\/fedens\/files\/2026\/04\/Azcon-riesgos-laborales-gobierno-de-aragon-740x450.jpg\" class=\"attachment-cream-magazine-thumbnail-2 size-cream-magazine-thumbnail-2 wp-post-image\" alt=\"CGT exige una auditoria externa que eval\u00fae la situaci\u00f3n del Servicio de  Prevenci\u00f3n de Riesgos Laborales de la DGA\" \/>\t\t\t<\/figure>\r\n\t\t<\/a>\r\n\t\t\t\t\t\t\t\t\t\t\t\t<\/div><!-- .post_thumb -->\r\n\t\t\t\t\t\t\t\t\t\t<div class=\"post-holder\">\r\n\t\t\t\t\t\t\t\t\t\t\t<div class=\"post_title\">\r\n\t\t\t\t\t\t\t\t\t\t\t\t<h2><a href=\"https:\/\/www.cgtaragonlarioja.org\/fedens\/cgt-exige-una-auditoria-externa-que-evalue-la-situacion-del-servicio-de-prevencion-de-riesgos-laborales-de-la-dga\/\">CGT exige una auditoria externa que eval\u00fae la situaci\u00f3n del Servicio de  Prevenci\u00f3n de Riesgos Laborales de la DGA<\/a><\/h2>\r\n\t\t\t\t\t\t\t\t\t\t\t<\/div>\r\n\t\t\t\t\t\t\t\t\t\t\t\t\t\t<div class=\"cm-post-meta\">\r\n\t\t\t\t<ul class=\"post_meta\">\r\n\t\t\t\t\t\t\t\t\t<\/ul><!-- .post_meta -->\r\n\t\t\t<\/div><!-- .meta -->\r\n\t\t\t\t\t\t\t\t\t\t\t\t\t<\/div><!-- .post-holder -->\r\n\t\t\t\t\t\t\t\t\t<\/div><!-- .small-card -->\r\n\t\t\t\t\t\t\t\t\t<!-- <div class=\"mask\"><\/div> --><!-- .mask -->\r\n\t\t\t\t\t\t\t\t<\/div><!-- .col -->\r\n\t\t\t\t\t\t\t\t\t\t\t\t\t\t\t\t<div class=\"cm-col-lg-3 cm-col-md-6 cm-col-12\">\r\n\t\t\t\t\t\t\t\t\t<div class=\"small-card\">\r\n\t\t\t\t\t\t\t\t\t\t<div class=\"post_thumb\">\r\n\t\t\t\t\t\t\t\t\t\t\t\t\t<a href=\"https:\/\/www.cgtaragonlarioja.org\/fedens\/cgt-exige-un-protocolo-y-cobertura-juridica-para-el-profesorado-en-las-actividades-extraescolares\/\">\r\n\t\t\t<figure class=\"imghover\">\r\n\t\t\t\t<img loading=\"lazy\" decoding=\"async\" width=\"250\" height=\"156\" src=\"https:\/\/www.cgtaragonlarioja.org\/fedens\/files\/2016\/08\/actividades_extraescolares.jpg\" class=\"attachment-cream-magazine-thumbnail-2 size-cream-magazine-thumbnail-2 wp-post-image\" alt=\"CGT exige un protocolo y cobertura jur\u00eddica para el profesorado en las actividades extraescolares\" \/>\t\t\t<\/figure>\r\n\t\t<\/a>\r\n\t\t\t\t\t\t\t\t\t\t\t\t<\/div><!-- .post_thumb -->\r\n\t\t\t\t\t\t\t\t\t\t<div class=\"post-holder\">\r\n\t\t\t\t\t\t\t\t\t\t\t<div class=\"post_title\">\r\n\t\t\t\t\t\t\t\t\t\t\t\t<h2><a href=\"https:\/\/www.cgtaragonlarioja.org\/fedens\/cgt-exige-un-protocolo-y-cobertura-juridica-para-el-profesorado-en-las-actividades-extraescolares\/\">CGT exige un protocolo y cobertura jur\u00eddica para el profesorado en las actividades extraescolares<\/a><\/h2>\r\n\t\t\t\t\t\t\t\t\t\t\t<\/div>\r\n\t\t\t\t\t\t\t\t\t\t\t\t\t\t<div class=\"cm-post-meta\">\r\n\t\t\t\t<ul class=\"post_meta\">\r\n\t\t\t\t\t\t\t\t\t<\/ul><!-- .post_meta -->\r\n\t\t\t<\/div><!-- .meta -->\r\n\t\t\t\t\t\t\t\t\t\t\t\t\t<\/div><!-- .post-holder -->\r\n\t\t\t\t\t\t\t\t\t<\/div><!-- .small-card -->\r\n\t\t\t\t\t\t\t\t\t<!-- <div class=\"mask\"><\/div> --><!-- .mask -->\r\n\t\t\t\t\t\t\t\t<\/div><!-- .col -->\r\n\t\t\t\t\t\t\t\t\t\t\t\t\t\t\t\t<div class=\"cm-col-lg-3 cm-col-md-6 cm-col-12\">\r\n\t\t\t\t\t\t\t\t\t<div class=\"small-card\">\r\n\t\t\t\t\t\t\t\t\t\t<div class=\"post_thumb\">\r\n\t\t\t\t\t\t\t\t\t\t\t\t\t<a href=\"https:\/\/www.cgtaragonlarioja.org\/fedens\/resolucion-concurso-traslados-secundaria\/\">\r\n\t\t\t<figure class=\"imghover\">\r\n\t\t\t\t<img loading=\"lazy\" decoding=\"async\" width=\"800\" height=\"450\" src=\"https:\/\/www.cgtaragonlarioja.org\/fedens\/files\/2026\/02\/photo_5791892359804030442_y-800x450.jpg\" class=\"attachment-cream-magazine-thumbnail-2 size-cream-magazine-thumbnail-2 wp-post-image\" alt=\"Resoluci\u00f3n concurso traslados secundaria\" \/>\t\t\t<\/figure>\r\n\t\t<\/a>\r\n\t\t\t\t\t\t\t\t\t\t\t\t<\/div><!-- .post_thumb -->\r\n\t\t\t\t\t\t\t\t\t\t<div class=\"post-holder\">\r\n\t\t\t\t\t\t\t\t\t\t\t<div class=\"post_title\">\r\n\t\t\t\t\t\t\t\t\t\t\t\t<h2><a href=\"https:\/\/www.cgtaragonlarioja.org\/fedens\/resolucion-concurso-traslados-secundaria\/\">Resoluci\u00f3n concurso traslados secundaria<\/a><\/h2>\r\n\t\t\t\t\t\t\t\t\t\t\t<\/div>\r\n\t\t\t\t\t\t\t\t\t\t\t\t\t\t<div class=\"cm-post-meta\">\r\n\t\t\t\t<ul class=\"post_meta\">\r\n\t\t\t\t\t\t\t\t\t<\/ul><!-- .post_meta -->\r\n\t\t\t<\/div><!-- .meta -->\r\n\t\t\t\t\t\t\t\t\t\t\t\t\t<\/div><!-- .post-holder -->\r\n\t\t\t\t\t\t\t\t\t<\/div><!-- .small-card -->\r\n\t\t\t\t\t\t\t\t\t<!-- <div class=\"mask\"><\/div> --><!-- .mask -->\r\n\t\t\t\t\t\t\t\t<\/div><!-- .col -->\r\n\t\t\t\t\t\t\t\t\t\t\t\t\t\t\t\t<div class=\"cm-col-lg-3 cm-col-md-6 cm-col-12\">\r\n\t\t\t\t\t\t\t\t\t<div class=\"small-card\">\r\n\t\t\t\t\t\t\t\t\t\t<div class=\"post_thumb\">\r\n\t\t\t\t\t\t\t\t\t\t\t\t\t<a href=\"https:\/\/www.cgtaragonlarioja.org\/fedens\/curso-ensenanza-guiada-por-la-evidencia-ii\/\">\r\n\t\t\t<figure class=\"imghover\">\r\n\t\t\t\t<img loading=\"lazy\" decoding=\"async\" width=\"800\" height=\"450\" src=\"https:\/\/www.cgtaragonlarioja.org\/fedens\/files\/2026\/03\/cartel-pagina001-800x450.jpg\" class=\"attachment-cream-magazine-thumbnail-2 size-cream-magazine-thumbnail-2 wp-post-image\" alt=\"Curso Ense\u00f1anza guiada por la evidencia II\" \/>\t\t\t<\/figure>\r\n\t\t<\/a>\r\n\t\t\t\t\t\t\t\t\t\t\t\t<\/div><!-- .post_thumb -->\r\n\t\t\t\t\t\t\t\t\t\t<div class=\"post-holder\">\r\n\t\t\t\t\t\t\t\t\t\t\t<div class=\"post_title\">\r\n\t\t\t\t\t\t\t\t\t\t\t\t<h2><a href=\"https:\/\/www.cgtaragonlarioja.org\/fedens\/curso-ensenanza-guiada-por-la-evidencia-ii\/\">Curso Ense\u00f1anza guiada por la evidencia II<\/a><\/h2>\r\n\t\t\t\t\t\t\t\t\t\t\t<\/div>\r\n\t\t\t\t\t\t\t\t\t\t\t\t\t\t<div class=\"cm-post-meta\">\r\n\t\t\t\t<ul class=\"post_meta\">\r\n\t\t\t\t\t\t\t\t\t<\/ul><!-- .post_meta -->\r\n\t\t\t<\/div><!-- .meta -->\r\n\t\t\t\t\t\t\t\t\t\t\t\t\t<\/div><!-- .post-holder -->\r\n\t\t\t\t\t\t\t\t\t<\/div><!-- .small-card -->\r\n\t\t\t\t\t\t\t\t\t<!-- <div class=\"mask\"><\/div> --><!-- .mask -->\r\n\t\t\t\t\t\t\t\t<\/div><!-- .col -->\r\n\t\t\t\t\t\t\t\t\t\t\t\t\t<\/div><!-- .row -->\r\n\t\t\t\t<\/div><!-- .section_inner -->\r\n\t\t\t<\/section><!-- .cm-post-widget-two -->\r\n\t\t\t<\/div><\/div>                                            <\/div>\n                                        <\/div>\n                                    <\/div>\n\t\t\t\t\t\t\t\t\t                        <\/div>\n\n                    <\/div>\n                <\/div>\n\t\t\t\t                <div  class=\"wppb-row-parent  wppb-row-1610801952618 \"  >\n\t\t\t\t\t\n\t\t\t\t\t\t\t\t\t\t\n\t\t\t\t\t\t\t\t\t\t\n\t\t\t\t\t<div class=\"wppb-container \">\n\t\t\t\t\t\t\t\t\t\t\t\t\t\n                        <div class=\"wppb-row\">\n\t\t\t\t\t\t\t                                    <div  class=\"wppb-column-parent wppb-column-parent-view wppb-col-1611229284677  \"  >\n                                        <div class=\"wppb-column\">\n\t\t\t\t\t\n\t\t\t\t\t\t\t\t\t\t\t\n                                            <div class=\"wppb-builder-addons\">\n\t\t\t\t\t\t\t\t\t\t\t\t<div class='wppb-builder-addon wppb-addon-1610802389376'  data-addon-id='1610802389376'><div class='wppb-addon'><div class=\"wppb-headline-addon\"><div class=\"wppb-headline-content\"><h2 class=\"wppb-addon-title\"><a  href=\"https:\/\/www.cgtaragonlarioja.org\/fedens\/category\/territorios\/calatayud-aranda\/\" >HUESCA<\/a><\/h2><\/div><\/div><\/div><\/div><div class='wppb-builder-addon wppb-addon-1612267447577'  data-addon-id='1612267447577'><div class='wppb-addon'>\t\r\n            <div class=\"wppb-posts-addon\">\r\n                <div class=\"wppb-posts-addon-content\">\r\n\t\t\t\t\t<div class=\"wppb-addons-col\">\r\n\t\t\t\t\t\t\t\t\t\t\t\t\t<div class=\"wppb-addons-col-md1 wppb-addons-col-sm2 wppb-addons-col-xs1\">\r\n\t\t\t\t\t\t\t\t\r\n\t\t\t\t\t\t\t\t<div class=\"wppb-post-grid-wrap wppb-post-grid-one\"><div class=\"wppb-post-grid-img\"><a href='https:\/\/www.cgtaragonlarioja.org\/fedens\/curso-integracion-de-proyectos-solidarios-en-el-aula\/'><img src='https:\/\/www.cgtaragonlarioja.org\/fedens\/files\/2025\/02\/cartel-proyectos-solidarios-600x450.jpg' alt='Curso Integraci\u00f3n de proyectos solidarios en el aula'\/><\/a><\/div><div class=\"wppb-post-grid-content\"><h3 class='wppb-post-grid-title'><a href='https:\/\/www.cgtaragonlarioja.org\/fedens\/curso-integracion-de-proyectos-solidarios-en-el-aula\/'>Curso Integraci\u00f3n de proyectos solidarios en el aula<\/a><\/h3><div class='wppb-post-grid-meta'>21 de febrero de 2025<span class=\"wppb-postmeta-sept\">\/<\/span>0 Comentarios <\/div><\/div><\/div>\t\t\t\t\t\t\t<\/div> <!--\/.wppb-addons-col-->\r\n\t\t\t\t\t\t\t\t\t\t\t\t<\/div><!--\/.wppb-posts-addon-content-->\r\n\r\n\t\t\t\t\t<div class='wppb-posts-addon-pagination'><span class='wppb-posts-paginate-link wppb-posts-paginate-link-disable'><i class='fas fa-angle-left'><\/i><\/span><a href='#' class='wppb-posts-paginate-link' data-paged='2'><i class='fas fa-angle-right'><\/i><\/a><\/div>            <\/div><!--\/.wppb-posts-addon-->\r\n        <\/div><!--\/.wppb-posts-addon-->\r\n\t\t\t<\/div><\/div>                                            <\/div>\n                                        <\/div>\n                                    <\/div>\n\t\t\t\t\t\t\t\t\t                                    <div  class=\"wppb-column-parent wppb-column-parent-view wppb-col-1611229284729  \"  >\n                                        <div class=\"wppb-column\">\n\t\t\t\t\t\n\t\t\t\t\t\t\t\t\t\t\t\n                                            <div class=\"wppb-builder-addons\">\n\t\t\t\t\t\t\t\t\t\t\t\t<div class='wppb-builder-addon wppb-addon-1611229284730'  data-addon-id='1611229284730'><div class='wppb-addon'><div class=\"wppb-headline-addon\"><div class=\"wppb-headline-content\"><h2 class=\"wppb-addon-title\"><a  href=\"https:\/\/www.cgtaragonlarioja.org\/fedens\/category\/territorios\/huesca\/\" >LA RIOJA<\/a><\/h2><\/div><\/div><\/div><\/div><div class='wppb-builder-addon wppb-addon-1612267399594'  data-addon-id='1612267399594'><div class='wppb-addon'>\t\r\n            <div class=\"wppb-posts-addon\">\r\n                <div class=\"wppb-posts-addon-content\">\r\n\t\t\t\t\t<div class=\"wppb-addons-col\">\r\n\t\t\t\t\t\t\t\t\t\t\t\t\t<div class=\"wppb-addons-col-md1 wppb-addons-col-sm2 wppb-addons-col-xs1\">\r\n\t\t\t\t\t\t\t\t\r\n\t\t\t\t\t\t\t\t<div class=\"wppb-post-grid-wrap wppb-post-grid-one\"><div class=\"wppb-post-grid-content\"><h3 class='wppb-post-grid-title'><a href='https:\/\/www.cgtaragonlarioja.org\/fedens\/apertura-de-listas-en-la-rioja\/'>Apertura de listas en La Rioja<\/a><\/h3><div class='wppb-post-grid-meta'>20 de octubre de 2022<span class=\"wppb-postmeta-sept\">\/<\/span>0 Comentarios <\/div><\/div><\/div>\t\t\t\t\t\t\t<\/div> <!--\/.wppb-addons-col-->\r\n\t\t\t\t\t\t\t\t\t\t\t\t<\/div><!--\/.wppb-posts-addon-content-->\r\n\r\n\t\t\t\t\t<div class='wppb-posts-addon-pagination'><span class='wppb-posts-paginate-link wppb-posts-paginate-link-disable'><i class='fas fa-angle-left'><\/i><\/span><a href='#' class='wppb-posts-paginate-link' data-paged='2'><i class='fas fa-angle-right'><\/i><\/a><\/div>            <\/div><!--\/.wppb-posts-addon-->\r\n        <\/div><!--\/.wppb-posts-addon-->\r\n\t\t\t<\/div><\/div>                                            <\/div>\n                                        <\/div>\n                                    <\/div>\n\t\t\t\t\t\t\t\t\t                        <\/div>\n\n                    <\/div>\n                <\/div>\n\t\t\t\t                <div  class=\"wppb-row-parent  wppb-row-1612562125667 \"  >\n\t\t\t\t\t\n\t\t\t\t\t\t\t\t\t\t\n\t\t\t\t\t\t\t\t\t\t\n\t\t\t\t\t<div class=\"wppb-container \">\n\t\t\t\t\t\t\t\t\t\t\t\t\t\n                        <div class=\"wppb-row\">\n\t\t\t\t\t\t\t                                    <div  class=\"wppb-column-parent wppb-column-parent-view wppb-col-1612562125674  \"  >\n                                        <div class=\"wppb-column\">\n\t\t\t\t\t\n\t\t\t\t\t\t\t\t\t\t\t\n                                            <div class=\"wppb-builder-addons\">\n\t\t\t\t\t\t\t\t\t\t\t\t<div class='wppb-builder-addon wppb-addon-1612562125675'  data-addon-id='1612562125675'><div class='wppb-addon'><div class=\"wppb-headline-addon\"><div class=\"wppb-headline-content\"><h2 class=\"wppb-addon-title\"><a  href=\"https:\/\/www.cgtaragonlarioja.org\/fedens\/category\/territorios\/teruel\/\" >TERUEL<\/a><\/h2><\/div><\/div><\/div><\/div><div class='wppb-builder-addon wppb-addon-1612562125676'  data-addon-id='1612562125676'><div class='wppb-addon'>\t\r\n            <div class=\"wppb-posts-addon\">\r\n                <div class=\"wppb-posts-addon-content\">\r\n\t\t\t\t\t<div class=\"wppb-addons-col\">\r\n\t\t\t\t\t\t\t\t\t\t\t\t\t<div class=\"wppb-addons-col-md1 wppb-addons-col-sm2 wppb-addons-col-xs1\">\r\n\t\t\t\t\t\t\t\t\r\n\t\t\t\t\t\t\t\t<div class=\"wppb-post-grid-wrap wppb-post-grid-one\"><div class=\"wppb-post-grid-img\"><a href='https:\/\/www.cgtaragonlarioja.org\/fedens\/5-ies-de-teruel-siguen-sin-administrativo-y-la-administracion-es-incapaz-de-gestionar-su-contratacion-de\/'><img src='https:\/\/www.cgtaragonlarioja.org\/fedens\/files\/2025\/10\/plantillas-yoli-5-600x450.jpg' alt='5 IES de Teruel siguen sin administrativo y la Administraci\u00f3n es incapaz de gestionar su contrataci\u00f3n.'\/><\/a><\/div><div class=\"wppb-post-grid-content\"><h3 class='wppb-post-grid-title'><a href='https:\/\/www.cgtaragonlarioja.org\/fedens\/5-ies-de-teruel-siguen-sin-administrativo-y-la-administracion-es-incapaz-de-gestionar-su-contratacion-de\/'>5 IES de Teruel siguen sin administrativo y la Administraci\u00f3n es incapaz de gestionar su contrataci\u00f3n.<\/a><\/h3><div class='wppb-post-grid-meta'>6 de octubre de 2025<span class=\"wppb-postmeta-sept\">\/<\/span>0 Comentarios <\/div><\/div><\/div>\t\t\t\t\t\t\t<\/div> <!--\/.wppb-addons-col-->\r\n\t\t\t\t\t\t\t\t\t\t\t\t<\/div><!--\/.wppb-posts-addon-content-->\r\n\r\n\t\t\t\t\t<div class='wppb-posts-addon-pagination'><span class='wppb-posts-paginate-link wppb-posts-paginate-link-disable'><i class='fas fa-angle-left'><\/i><\/span><a href='#' class='wppb-posts-paginate-link' data-paged='2'><i class='fas fa-angle-right'><\/i><\/a><\/div>            <\/div><!--\/.wppb-posts-addon-->\r\n        <\/div><!--\/.wppb-posts-addon-->\r\n\t\t\t<\/div><\/div>                                            <\/div>\n                                        <\/div>\n                                    <\/div>\n\t\t\t\t\t\t\t\t\t                                    <div  class=\"wppb-column-parent wppb-column-parent-view wppb-col-1612562125677  \"  >\n                                        <div class=\"wppb-column\">\n\t\t\t\t\t\n\t\t\t\t\t\t\t\t\t\t\t\n                                            <div class=\"wppb-builder-addons\">\n\t\t\t\t\t\t\t\t\t\t\t\t<div class='wppb-builder-addon wppb-addon-1612562125678'  data-addon-id='1612562125678'><div class='wppb-addon'><div class=\"wppb-headline-addon\"><div class=\"wppb-headline-content\"><h2 class=\"wppb-addon-title\"><a  href=\"https:\/\/www.cgtaragonlarioja.org\/fedens\/category\/territorios\/zaragoza\/\" >ZARAGOZA<\/a><\/h2><\/div><\/div><\/div><\/div><div class='wppb-builder-addon wppb-addon-1612562125679'  data-addon-id='1612562125679'><div class='wppb-addon'>\t\r\n            <div class=\"wppb-posts-addon\">\r\n                <div class=\"wppb-posts-addon-content\">\r\n\t\t\t\t\t<div class=\"wppb-addons-col\">\r\n\t\t\t\t\t\t\t\t\t\t\t\t\t<div class=\"wppb-addons-col-md1 wppb-addons-col-sm2 wppb-addons-col-xs1\">\r\n\t\t\t\t\t\t\t\t\r\n\t\t\t\t\t\t\t\t<div class=\"wppb-post-grid-wrap wppb-post-grid-one\"><div class=\"wppb-post-grid-img\"><a href='https:\/\/www.cgtaragonlarioja.org\/fedens\/formacion-teatro-foro-estereotipos-roles-de-genero-e-igualdad-de-oportunidades\/'><img src='https:\/\/www.cgtaragonlarioja.org\/fedens\/files\/2026\/02\/cartel-600x450.png' alt='Formaci\u00f3n Teatro-foro: Estereotipos, roles de g\u00e9nero e igualdad de oportunidades.'\/><\/a><\/div><div class=\"wppb-post-grid-content\"><h3 class='wppb-post-grid-title'><a href='https:\/\/www.cgtaragonlarioja.org\/fedens\/formacion-teatro-foro-estereotipos-roles-de-genero-e-igualdad-de-oportunidades\/'>Formaci\u00f3n Teatro-foro: Estereotipos, roles de g\u00e9nero e igualdad de oportunidades.<\/a><\/h3><div class='wppb-post-grid-meta'>17 de febrero de 2026<span class=\"wppb-postmeta-sept\">\/<\/span>0 Comentarios <\/div><\/div><\/div>\t\t\t\t\t\t\t<\/div> <!--\/.wppb-addons-col-->\r\n\t\t\t\t\t\t\t\t\t\t\t\t<\/div><!--\/.wppb-posts-addon-content-->\r\n\r\n\t\t\t\t\t            <\/div><!--\/.wppb-posts-addon-->\r\n        <\/div><!--\/.wppb-posts-addon-->\r\n\t\t\t<\/div><\/div>                                            <\/div>\n                                        <\/div>\n                                    <\/div>\n\t\t\t\t\t\t\t\t\t                        <\/div>\n\n                    <\/div>\n                <\/div>\n\t\t\t\t                <div  class=\"wppb-row-parent  wppb-row-1611159321956 \"  >\n\t\t\t\t\t\n\t\t\t\t\t\t\t\t\t\t\n\t\t\t\t\t\t\t\t\t\t\n\t\t\t\t\t<div class=\"wppb-container \">\n\t\t\t\t\t\t\t\t\t\t\t\t\t\n                        <div class=\"wppb-row\">\n\t\t\t\t\t\t\t                                    <div  class=\"wppb-column-parent wppb-column-parent-view wppb-col-1611159321957  \"  >\n                                        <div class=\"wppb-column\">\n\t\t\t\t\t\n\t\t\t\t\t\t\t\t\t\t\t\n                                            <div class=\"wppb-builder-addons\">\n\t\t\t\t\t\t\t\t\t\t\t\t<div class='wppb-builder-addon wppb-addon-1611159321961'  data-addon-id='1611159321961'><div class='wppb-addon'><div class=\"wppb-headline-addon\"><div class=\"wppb-headline-content\"><h2 class=\"wppb-addon-title\"><a  href=\"https:\/\/www.cgtaragonlarioja.org\/fedens\/category\/mesas-sectoriales-tecnicas\/\" >MESAS SECTORIALES<\/a><\/h2><\/div><\/div><\/div><\/div><div class='wppb-builder-addon wppb-addon-1611159321962'  data-addon-id='1611159321962'><div class='wppb-addon'>\t\r\n            <div class=\"wppb-posts-addon\">\r\n                <div class=\"wppb-posts-addon-content\">\r\n\t\t\t\t\t<div class=\"wppb-addons-col\">\r\n\t\t\t\t\t\t\t\t\t\t\t\t\t<div class=\"wppb-addons-col-md4 wppb-addons-col-sm2 wppb-addons-col-xs1\">\r\n\t\t\t\t\t\t\t\t\r\n\t\t\t\t\t\t\t\t<div class=\"wppb-post-grid-wrap wppb-post-grid-one\"><div class=\"wppb-post-grid-img\"><a href='https:\/\/www.cgtaragonlarioja.org\/fedens\/mesa-sectorial-27-10-2025-cgt-no-apoya-las-plazas-de-las-oposiciones-de-maestras-por-insuficientes\/'><img src='https:\/\/www.cgtaragonlarioja.org\/fedens\/files\/2025\/10\/photo_6050946413228657555_y-600x450.jpg' alt='MESA SECTORIAL 27\/10\/2025. CGT NO APOYA LAS PLAZAS DE LAS OPOSICIONES DE MAESTRAS POR INSUFICIENTES.'\/><\/a><\/div><div class=\"wppb-post-grid-content\"><h3 class='wppb-post-grid-title'><a href='https:\/\/www.cgtaragonlarioja.org\/fedens\/mesa-sectorial-27-10-2025-cgt-no-apoya-las-plazas-de-las-oposiciones-de-maestras-por-insuficientes\/'>MESA SECTORIAL 27\/10\/2025. CGT NO APOYA LAS PLAZAS DE LAS OPOSICIONES DE MAESTRAS POR INSUFICIENTES.<\/a><\/h3><div class='wppb-post-grid-meta'>27 de octubre de 2025<span class=\"wppb-postmeta-sept\">\/<\/span>0 Comentarios <\/div><\/div><\/div>\t\t\t\t\t\t\t<\/div> <!--\/.wppb-addons-col-->\r\n\t\t\t\t\t\t\t\t\t\t\t\t\t\t<div class=\"wppb-addons-col-md4 wppb-addons-col-sm2 wppb-addons-col-xs1\">\r\n\t\t\t\t\t\t\t\t\r\n\t\t\t\t\t\t\t\t<div class=\"wppb-post-grid-wrap wppb-post-grid-one\"><div class=\"wppb-post-grid-img\"><a href='https:\/\/www.cgtaragonlarioja.org\/fedens\/mesa-sectorial-15-de-julio-de-2025\/'><img src='https:\/\/www.cgtaragonlarioja.org\/fedens\/files\/2025\/03\/permisos-600x450.jpg' alt='Mesa sectorial 15 de julio de 2025. Orden de permisos'\/><\/a><\/div><div class=\"wppb-post-grid-content\"><h3 class='wppb-post-grid-title'><a href='https:\/\/www.cgtaragonlarioja.org\/fedens\/mesa-sectorial-15-de-julio-de-2025\/'>Mesa sectorial 15 de julio de 2025. Orden de permisos<\/a><\/h3><div class='wppb-post-grid-meta'>15 de julio de 2025<span class=\"wppb-postmeta-sept\">\/<\/span>1 Comentarios <\/div><\/div><\/div>\t\t\t\t\t\t\t<\/div> <!--\/.wppb-addons-col-->\r\n\t\t\t\t\t\t\t\t\t\t\t\t\t\t<div class=\"wppb-addons-col-md4 wppb-addons-col-sm2 wppb-addons-col-xs1\">\r\n\t\t\t\t\t\t\t\t\r\n\t\t\t\t\t\t\t\t<div class=\"wppb-post-grid-wrap wppb-post-grid-one\"><div class=\"wppb-post-grid-img\"><a href='https:\/\/www.cgtaragonlarioja.org\/fedens\/mesa-sectorial-del-4-de-abril-de-2025-calendario-escolar\/'><img src='https:\/\/www.cgtaragonlarioja.org\/fedens\/files\/2025\/04\/photo_6014976100775609324_y-600x450.jpg' alt='Mesa sectorial del 4 de abril de 2025. Calendario escolar'\/><\/a><\/div><div class=\"wppb-post-grid-content\"><h3 class='wppb-post-grid-title'><a href='https:\/\/www.cgtaragonlarioja.org\/fedens\/mesa-sectorial-del-4-de-abril-de-2025-calendario-escolar\/'>Mesa sectorial del 4 de abril de 2025. Calendario escolar<\/a><\/h3><div class='wppb-post-grid-meta'>3 de abril de 2025<span class=\"wppb-postmeta-sept\">\/<\/span>0 Comentarios <\/div><\/div><\/div>\t\t\t\t\t\t\t<\/div> <!--\/.wppb-addons-col-->\r\n\t\t\t\t\t\t\t\t\t\t\t\t\t\t<div class=\"wppb-addons-col-md4 wppb-addons-col-sm2 wppb-addons-col-xs1\">\r\n\t\t\t\t\t\t\t\t\r\n\t\t\t\t\t\t\t\t<div class=\"wppb-post-grid-wrap wppb-post-grid-one\"><div class=\"wppb-post-grid-img\"><a href='https:\/\/www.cgtaragonlarioja.org\/fedens\/cgt-no-firma-la-propuesta-de-plantillas-docentes-para-el-curso-que-viene\/'><img src='https:\/\/www.cgtaragonlarioja.org\/fedens\/files\/2025\/01\/photo_5825438210455619733_y-600x450.jpg' alt='CGT no firma la propuesta de plantillas docentes para el curso que viene.'\/><\/a><\/div><div class=\"wppb-post-grid-content\"><h3 class='wppb-post-grid-title'><a href='https:\/\/www.cgtaragonlarioja.org\/fedens\/cgt-no-firma-la-propuesta-de-plantillas-docentes-para-el-curso-que-viene\/'>CGT no firma la propuesta de plantillas docentes para el curso que viene.<\/a><\/h3><div class='wppb-post-grid-meta'>30 de enero de 2025<span class=\"wppb-postmeta-sept\">\/<\/span>0 Comentarios <\/div><\/div><\/div>\t\t\t\t\t\t\t<\/div> <!--\/.wppb-addons-col-->\r\n\t\t\t\t\t\t\t\t\t\t\t\t<\/div><!--\/.wppb-posts-addon-content-->\r\n\r\n\t\t\t\t\t<div class='wppb-posts-addon-pagination'><span class='wppb-posts-paginate-link wppb-posts-paginate-link-disable'><i class='fas fa-angle-left'><\/i><\/span><a href='#' class='wppb-posts-paginate-link' data-paged='2'><i class='fas fa-angle-right'><\/i><\/a><\/div>            <\/div><!--\/.wppb-posts-addon-->\r\n        <\/div><!--\/.wppb-posts-addon-->\r\n\t\t\t<\/div><\/div>                                            <\/div>\n                                        <\/div>\n                                    <\/div>\n\t\t\t\t\t\t\t\t\t                        <\/div>\n\n                    <\/div>\n                <\/div>\n\t\t\t\t                <div  class=\"wppb-row-parent  wppb-row-1612341976850 \"  >\n\t\t\t\t\t\n\t\t\t\t\t\t\t\t\t\t\n\t\t\t\t\t\t\t\t\t\t\n\t\t\t\t\t<div class=\"wppb-container \">\n\t\t\t\t\t\t\t\t\t\t\t\t\t\n                        <div class=\"wppb-row\">\n\t\t\t\t\t\t\t                                    <div  class=\"wppb-column-parent wppb-column-parent-view wppb-col-1612341976851  \"  >\n                                        <div class=\"wppb-column\">\n\t\t\t\t\t\n\t\t\t\t\t\t\t\t\t\t\t\n                                            <div class=\"wppb-builder-addons\">\n\t\t\t\t\t\t\t\t\t\t\t\t<div class='wppb-builder-addon wppb-addon-1612341976852'  data-addon-id='1612341976852'><div class='wppb-addon'><div class=\"wppb-headline-addon\"><div class=\"wppb-headline-content\"><h2 class=\"wppb-addon-title\"><a  href=\"https:\/\/www.cgtaragonlarioja.org\/fedens\/category\/destacamos\/\" >DESTACAMOS<\/a><\/h2><\/div><\/div><\/div><\/div><div class='wppb-builder-addon wppb-addon-1612341976853'  data-addon-id='1612341976853'><div class='wppb-addon'>\t\r\n            <div class=\"wppb-posts-addon\">\r\n                <div class=\"wppb-posts-addon-content\">\r\n\t\t\t\t\t<div class=\"wppb-addons-col\">\r\n\t\t\t\t\t\t\t\t\t\t\t\t\t<div class=\"wppb-addons-col-md2 wppb-addons-col-sm2 wppb-addons-col-xs1\">\r\n\t\t\t\t\t\t\t\t\r\n\t\t\t\t\t\t\t\t<div class=\"wppb-post-grid-wrap wppb-post-grid-one\"><div class=\"wppb-post-grid-img\"><a href='https:\/\/www.cgtaragonlarioja.org\/fedens\/cgt-ensenanza-exige-una-reunion-urgente-con-el-director-de-direccion-de-personal-por-el-elevado-numero-de-plazas-que-van-a-quedar-vacantes-en-elactual-proceso-selectivo\/'><img src='https:\/\/www.cgtaragonlarioja.org\/fedens\/files\/2025\/07\/tablaplazas25-600x450.jpg' alt='CGT ENSE\u00d1ANZA EXIGE UNA REUNI\u00d3N URGENTE CON EL DIRECTOR GENERAL DE PERSONAL POR EL ELEVADO N\u00daMERO DE PLAZAS QUE VAN A QUEDAR VACANTES EN EL ACTUAL PROCESO SELECTIVO'\/><\/a><\/div><div class=\"wppb-post-grid-content\"><h3 class='wppb-post-grid-title'><a href='https:\/\/www.cgtaragonlarioja.org\/fedens\/cgt-ensenanza-exige-una-reunion-urgente-con-el-director-de-direccion-de-personal-por-el-elevado-numero-de-plazas-que-van-a-quedar-vacantes-en-elactual-proceso-selectivo\/'>CGT ENSE\u00d1ANZA EXIGE UNA REUNI\u00d3N URGENTE CON EL DIRECTOR GENERAL DE PERSONAL POR EL ELEVADO N\u00daMERO DE PLAZAS QUE VAN A QUEDAR VACANTES EN EL ACTUAL PROCESO SELECTIVO<\/a><\/h3><div class='wppb-post-grid-meta'>4 de julio de 2025<span class=\"wppb-postmeta-sept\">\/<\/span>0 Comentarios <\/div><\/div><\/div>\t\t\t\t\t\t\t<\/div> <!--\/.wppb-addons-col-->\r\n\t\t\t\t\t\t\t\t\t\t\t\t\t\t<div class=\"wppb-addons-col-md2 wppb-addons-col-sm2 wppb-addons-col-xs1\">\r\n\t\t\t\t\t\t\t\t\r\n\t\t\t\t\t\t\t\t<div class=\"wppb-post-grid-wrap wppb-post-grid-one\"><div class=\"wppb-post-grid-img\"><a href='https:\/\/www.cgtaragonlarioja.org\/fedens\/huelga-26-de-junio-en-el-sector-de-proteccion-y-reforma-juvenil\/'><img src='https:\/\/www.cgtaragonlarioja.org\/fedens\/files\/2025\/06\/HUELGA-PROTECCION-Y-REFORMA-600x450.jpg' alt='HUELGA 26 de JUNIO EN EL SECTOR DE PROTECCI\u00d3N Y REFORMA JUVENIL'\/><\/a><\/div><div class=\"wppb-post-grid-content\"><h3 class='wppb-post-grid-title'><a href='https:\/\/www.cgtaragonlarioja.org\/fedens\/huelga-26-de-junio-en-el-sector-de-proteccion-y-reforma-juvenil\/'>HUELGA 26 de JUNIO EN EL SECTOR DE PROTECCI\u00d3N Y REFORMA JUVENIL<\/a><\/h3><div class='wppb-post-grid-meta'>20 de junio de 2025<span class=\"wppb-postmeta-sept\">\/<\/span>0 Comentarios <\/div><\/div><\/div>\t\t\t\t\t\t\t<\/div> <!--\/.wppb-addons-col-->\r\n\t\t\t\t\t\t\t\t\t\t\t\t<\/div><!--\/.wppb-posts-addon-content-->\r\n\r\n\t\t\t\t\t<div class='wppb-posts-addon-pagination'><span class='wppb-posts-paginate-link wppb-posts-paginate-link-disable'><i class='fas fa-angle-left'><\/i><\/span><a href='#' class='wppb-posts-paginate-link' data-paged='2'><i class='fas fa-angle-right'><\/i><\/a><\/div>            <\/div><!--\/.wppb-posts-addon-->\r\n        <\/div><!--\/.wppb-posts-addon-->\r\n\t\t\t<\/div><\/div>                                            <\/div>\n                                        <\/div>\n                                    <\/div>\n\t\t\t\t\t\t\t\t\t                                    <div  class=\"wppb-column-parent wppb-column-parent-view wppb-col-1612341976854  \"  >\n                                        <div class=\"wppb-column\">\n\t\t\t\t\t\n\t\t\t\t\t\t\t\t\t\t\t\n                                            <div class=\"wppb-builder-addons\">\n\t\t\t\t\t\t\t\t\t\t\t\t<div class='wppb-builder-addon wppb-addon-1612341976855'  data-addon-id='1612341976855'><div class='wppb-addon'><div class=\"wppb-headline-addon\"><div class=\"wppb-headline-content\"><h2 class=\"wppb-addon-title\"><a  href=\"https:\/\/www.cgtaragonlarioja.org\/fedens\/category\/a-debate\/\" >A DEBATE<\/a><\/h2><\/div><\/div><\/div><\/div><div class='wppb-builder-addon wppb-addon-1612341976856'  data-addon-id='1612341976856'><div class='wppb-addon'>\t\r\n            <div class=\"wppb-posts-addon\">\r\n                <div class=\"wppb-posts-addon-content\">\r\n\t\t\t\t\t<div class=\"wppb-addons-col\">\r\n\t\t\t\t\t\t\t\t\t\t\t\t\t<div class=\"wppb-addons-col-md2 wppb-addons-col-sm2 wppb-addons-col-xs1\">\r\n\t\t\t\t\t\t\t\t\r\n\t\t\t\t\t\t\t\t<div class=\"wppb-post-grid-wrap wppb-post-grid-one\"><div class=\"wppb-post-grid-img\"><a href='https:\/\/www.cgtaragonlarioja.org\/fedens\/sin-casa-no-hay-escuela\/'><img src='https:\/\/www.cgtaragonlarioja.org\/fedens\/files\/2026\/01\/sin-casa-no-hay-escuela-600x450.png' alt='Sin Casa no hay Escuela'\/><\/a><\/div><div class=\"wppb-post-grid-content\"><h3 class='wppb-post-grid-title'><a href='https:\/\/www.cgtaragonlarioja.org\/fedens\/sin-casa-no-hay-escuela\/'>Sin Casa no hay Escuela<\/a><\/h3><div class='wppb-post-grid-meta'>9 de enero de 2026<span class=\"wppb-postmeta-sept\">\/<\/span>0 Comentarios <\/div><\/div><\/div>\t\t\t\t\t\t\t<\/div> <!--\/.wppb-addons-col-->\r\n\t\t\t\t\t\t\t\t\t\t\t\t\t\t<div class=\"wppb-addons-col-md2 wppb-addons-col-sm2 wppb-addons-col-xs1\">\r\n\t\t\t\t\t\t\t\t\r\n\t\t\t\t\t\t\t\t<div class=\"wppb-post-grid-wrap wppb-post-grid-one\"><div class=\"wppb-post-grid-img\"><a href='https:\/\/www.cgtaragonlarioja.org\/fedens\/educar-en-la-duda\/'><img src='https:\/\/www.cgtaragonlarioja.org\/fedens\/files\/2024\/05\/maestra-alumnos-aula-Edu-Bayer-600x450.jpg' alt='Educar en la duda'\/><\/a><\/div><div class=\"wppb-post-grid-content\"><h3 class='wppb-post-grid-title'><a href='https:\/\/www.cgtaragonlarioja.org\/fedens\/educar-en-la-duda\/'>Educar en la duda<\/a><\/h3><div class='wppb-post-grid-meta'>24 de junio de 2025<span class=\"wppb-postmeta-sept\">\/<\/span>0 Comentarios <\/div><\/div><\/div>\t\t\t\t\t\t\t<\/div> <!--\/.wppb-addons-col-->\r\n\t\t\t\t\t\t\t\t\t\t\t\t<\/div><!--\/.wppb-posts-addon-content-->\r\n\r\n\t\t\t\t\t<div class='wppb-posts-addon-pagination'><span class='wppb-posts-paginate-link wppb-posts-paginate-link-disable'><i class='fas fa-angle-left'><\/i><\/span><a href='#' class='wppb-posts-paginate-link' data-paged='2'><i class='fas fa-angle-right'><\/i><\/a><\/div>            <\/div><!--\/.wppb-posts-addon-->\r\n        <\/div><!--\/.wppb-posts-addon-->\r\n\t\t\t<\/div><\/div>                                            <\/div>\n                                        <\/div>\n                                    <\/div>\n\t\t\t\t\t\t\t\t\t                        <\/div>\n\n                    <\/div>\n                <\/div>\n\t\t\t\t                <div  class=\"wppb-row-parent  wppb-row-1610900752825 \"  >\n\t\t\t\t\t\n\t\t\t\t\t\t\t\t\t\t\n\t\t\t\t\t\t\t\t\t\t\n\t\t\t\t\t<div class=\"wppb-container \">\n\t\t\t\t\t\t\t\t\t\t\t\t\t\n                        <div class=\"wppb-row\">\n\t\t\t\t\t\t\t                                    <div  class=\"wppb-column-parent wppb-column-parent-view wppb-col-1610900752823  \"  >\n                                        <div class=\"wppb-column\">\n\t\t\t\t\t\n\t\t\t\t\t\t\t\t\t\t\t\n                                            <div class=\"wppb-builder-addons\">\n\t\t\t\t\t\t\t\t\t\t\t\t<div class='wppb-builder-addon wppb-addon-1610900752828'  data-addon-id='1610900752828'><div class='wppb-addon'><div class=\"wppb-headline-addon\"><div class=\"wppb-headline-content\"><h2 class=\"wppb-addon-title\"><a  href=\"https:\/\/www.cgtaragonlarioja.org\/fedens\/category\/pedagogia\/\" >PEDAGOG\u00cdA<\/a><\/h2><\/div><\/div><\/div><\/div><div class='wppb-builder-addon wppb-addon-1610901900012'  data-addon-id='1610901900012'><div class='wppb-addon'>\t\r\n            <div class=\"wppb-posts-addon\">\r\n                <div class=\"wppb-posts-addon-content\">\r\n\t\t\t\t\t<div class=\"wppb-addons-col\">\r\n\t\t\t\t\t\t\t\t\t\t\t\t\t<div class=\"wppb-addons-col-md2 wppb-addons-col-sm2 wppb-addons-col-xs1\">\r\n\t\t\t\t\t\t\t\t\r\n\t\t\t\t\t\t\t\t<div class=\"wppb-post-grid-wrap wppb-post-grid-one\"><div class=\"wppb-post-grid-img\"><a href='https:\/\/www.cgtaragonlarioja.org\/fedens\/i-jornada-ecosocial-cgt-aragon-2025-de-la-hiperdigitalizacion-a-la-accion\/'><img src='https:\/\/www.cgtaragonlarioja.org\/fedens\/files\/2025\/05\/IMAGEN-JORNADAS-ECOSOCIALES-2025-600x450.jpg' alt='I JORNADA ECOSOCIAL CGT ARAG\u00d3N 2025: DE LA HIPERDIGITALIZACI\u00d3N A LA ACCI\u00d3N'\/><\/a><\/div><div class=\"wppb-post-grid-content\"><h3 class='wppb-post-grid-title'><a href='https:\/\/www.cgtaragonlarioja.org\/fedens\/i-jornada-ecosocial-cgt-aragon-2025-de-la-hiperdigitalizacion-a-la-accion\/'>I JORNADA ECOSOCIAL CGT ARAG\u00d3N 2025: DE LA HIPERDIGITALIZACI\u00d3N A LA ACCI\u00d3N<\/a><\/h3><div class='wppb-post-grid-meta'>7 de mayo de 2025<span class=\"wppb-postmeta-sept\">\/<\/span>0 Comentarios <\/div><\/div><\/div>\t\t\t\t\t\t\t<\/div> <!--\/.wppb-addons-col-->\r\n\t\t\t\t\t\t\t\t\t\t\t\t\t\t<div class=\"wppb-addons-col-md2 wppb-addons-col-sm2 wppb-addons-col-xs1\">\r\n\t\t\t\t\t\t\t\t\r\n\t\t\t\t\t\t\t\t<div class=\"wppb-post-grid-wrap wppb-post-grid-one\"><div class=\"wppb-post-grid-img\"><a href='https:\/\/www.cgtaragonlarioja.org\/fedens\/curso-software-libre-vi-geogebra\/'><img src='https:\/\/www.cgtaragonlarioja.org\/fedens\/files\/2025\/02\/cartel-600x450.jpg' alt='Curso: Software Libre VI GeoGebra'\/><\/a><\/div><div class=\"wppb-post-grid-content\"><h3 class='wppb-post-grid-title'><a href='https:\/\/www.cgtaragonlarioja.org\/fedens\/curso-software-libre-vi-geogebra\/'>Curso: Software Libre VI GeoGebra<\/a><\/h3><div class='wppb-post-grid-meta'>21 de febrero de 2025<span class=\"wppb-postmeta-sept\">\/<\/span>0 Comentarios <\/div><\/div><\/div>\t\t\t\t\t\t\t<\/div> <!--\/.wppb-addons-col-->\r\n\t\t\t\t\t\t\t\t\t\t\t\t<\/div><!--\/.wppb-posts-addon-content-->\r\n\r\n\t\t\t\t\t<div class='wppb-posts-addon-pagination'><span class='wppb-posts-paginate-link wppb-posts-paginate-link-disable'><i class='fas fa-angle-left'><\/i><\/span><a href='#' class='wppb-posts-paginate-link' data-paged='2'><i class='fas fa-angle-right'><\/i><\/a><\/div>            <\/div><!--\/.wppb-posts-addon-->\r\n        <\/div><!--\/.wppb-posts-addon-->\r\n\t\t\t<\/div><\/div>                                            <\/div>\n                                        <\/div>\n                                    <\/div>\n\t\t\t\t\t\t\t\t\t                                    <div  class=\"wppb-column-parent wppb-column-parent-view wppb-col-1610900752824  \"  >\n                                        <div class=\"wppb-column\">\n\t\t\t\t\t\n\t\t\t\t\t\t\t\t\t\t\t\n                                            <div class=\"wppb-builder-addons\">\n\t\t\t\t\t\t\t\t\t\t\t\t<div class='wppb-builder-addon wppb-addon-1610900752831'  data-addon-id='1610900752831'><div class='wppb-addon'><div class=\"wppb-headline-addon\"><div class=\"wppb-headline-content\"><h2 class=\"wppb-addon-title\"><a  href=\"https:\/\/www.cgtaragonlarioja.org\/fedens\/category\/documentos\/\" >DOCUMENTOS\n<\/a><\/h2><\/div><\/div><\/div><\/div><div class='wppb-builder-addon wppb-addon-1611180963845'  data-addon-id='1611180963845'><div class='wppb-addon'>\t\r\n            <div class=\"wppb-posts-addon\">\r\n                <div class=\"wppb-posts-addon-content\">\r\n\t\t\t\t\t<div class=\"wppb-addons-col\">\r\n\t\t\t\t\t\t\t\t\t\t\t\t\t<div class=\"wppb-addons-col-md2 wppb-addons-col-sm2 wppb-addons-col-xs1\">\r\n\t\t\t\t\t\t\t\t\r\n\t\t\t\t\t\t\t\t<div class=\"wppb-post-grid-wrap wppb-post-grid-one\"><div class=\"wppb-post-grid-content\"><h3 class='wppb-post-grid-title'><a href='https:\/\/www.cgtaragonlarioja.org\/fedens\/propuestas-de-mejoras-de-calidad-educativa-y-condiciones-laborales\/'>Propuestas de mejoras de calidad educativa y condiciones laborales<\/a><\/h3><div class='wppb-post-grid-meta'>6 de marzo de 2024<span class=\"wppb-postmeta-sept\">\/<\/span>0 Comentarios <\/div><\/div><\/div>\t\t\t\t\t\t\t<\/div> <!--\/.wppb-addons-col-->\r\n\t\t\t\t\t\t\t\t\t\t\t\t\t\t<div class=\"wppb-addons-col-md2 wppb-addons-col-sm2 wppb-addons-col-xs1\">\r\n\t\t\t\t\t\t\t\t\r\n\t\t\t\t\t\t\t\t<div class=\"wppb-post-grid-wrap wppb-post-grid-one\"><div class=\"wppb-post-grid-img\"><a href='https:\/\/www.cgtaragonlarioja.org\/fedens\/manuales-de-consulta-para-funcionarias-interinas-y-de-carrera\/'><img src='https:\/\/www.cgtaragonlarioja.org\/fedens\/files\/2023\/09\/Logo-CGT-Ensen\u0303anza_HD-600x450.png' alt='Manuales de consulta para funcionarias interinas y de carrera'\/><\/a><\/div><div class=\"wppb-post-grid-content\"><h3 class='wppb-post-grid-title'><a href='https:\/\/www.cgtaragonlarioja.org\/fedens\/manuales-de-consulta-para-funcionarias-interinas-y-de-carrera\/'>Manuales de consulta para funcionarias interinas y de carrera<\/a><\/h3><div class='wppb-post-grid-meta'>30 de septiembre de 2023<span class=\"wppb-postmeta-sept\">\/<\/span>0 Comentarios <\/div><\/div><\/div>\t\t\t\t\t\t\t<\/div> <!--\/.wppb-addons-col-->\r\n\t\t\t\t\t\t\t\t\t\t\t\t<\/div><!--\/.wppb-posts-addon-content-->\r\n\r\n\t\t\t\t\t<div class='wppb-posts-addon-pagination'><span class='wppb-posts-paginate-link wppb-posts-paginate-link-disable'><i class='fas fa-angle-left'><\/i><\/span><a href='#' class='wppb-posts-paginate-link' data-paged='2'><i class='fas fa-angle-right'><\/i><\/a><\/div>            <\/div><!--\/.wppb-posts-addon-->\r\n        <\/div><!--\/.wppb-posts-addon-->\r\n\t\t\t<\/div><\/div>                                            <\/div>\n                                        <\/div>\n                                    <\/div>\n\t\t\t\t\t\t\t\t\t                        <\/div>\n\n                    <\/div>\n                <\/div>\n\t\t\t\t","protected":false},"excerpt":{"rendered":"","protected":false},"author":1,"featured_media":0,"parent":0,"menu_order":0,"comment_status":"closed","ping_status":"closed","template":"","meta":{"footnotes":""},"class_list":["post-3974","page","type-page","status-publish","hentry"],"yoast_head":"<!-- This site is optimized with the Yoast SEO plugin v26.7 - https:\/\/yoast.com\/wordpress\/plugins\/seo\/ -->\n<title>Inicio - CONTACTAR: Calatayud-Aranda: 654897973 \/ Huesca: 974238404 \/ Teruel: 978619265 \/ Zaragoza: 976922002<\/title>\n<meta name=\"description\" content=\"Ense\u00f1anza, CGT, Pedagog\u00eda libertaria, Laica, Inclusiva, Solidaria, Feminista, P\u00fablica\" \/>\n<meta name=\"robots\" content=\"index, follow, max-snippet:-1, max-image-preview:large, max-video-preview:-1\" \/>\n<link rel=\"canonical\" href=\"https:\/\/www.cgtaragonlarioja.org\/fedens\/\" \/>\n<meta property=\"og:locale\" content=\"es_ES\" \/>\n<meta property=\"og:type\" content=\"article\" \/>\n<meta property=\"og:title\" content=\"Inicio - CONTACTAR: Calatayud-Aranda: 654897973 \/ Huesca: 974238404 \/ Teruel: 978619265 \/ Zaragoza: 976922002\" \/>\n<meta property=\"og:description\" content=\"Ense\u00f1anza, CGT, Pedagog\u00eda libertaria, Laica, Inclusiva, Solidaria, Feminista, P\u00fablica\" \/>\n<meta property=\"og:url\" content=\"https:\/\/www.cgtaragonlarioja.org\/fedens\/\" \/>\n<meta property=\"og:site_name\" content=\"CGT Arag\u00f3n - La Rioja. ENSE\u00d1ANZA\" \/>\n<meta property=\"article:publisher\" content=\"https:\/\/www.facebook.com\/CGTEnseAragon\/\" \/>\n<meta property=\"article:modified_time\" content=\"2023-12-02T12:17:55+00:00\" \/>\n<meta name=\"twitter:card\" content=\"summary_large_image\" \/>\n<meta name=\"twitter:site\" content=\"@CGTeduAragon\" \/>\n<script type=\"application\/ld+json\" class=\"yoast-schema-graph\">{\"@context\":\"https:\/\/schema.org\",\"@graph\":[{\"@type\":\"WebPage\",\"@id\":\"https:\/\/www.cgtaragonlarioja.org\/fedens\/\",\"url\":\"https:\/\/www.cgtaragonlarioja.org\/fedens\/\",\"name\":\"Inicio - CONTACTAR: Calatayud-Aranda: 654897973 \/ Huesca: 974238404 \/ Teruel: 978619265 \/ Zaragoza: 976922002\",\"isPartOf\":{\"@id\":\"https:\/\/www.cgtaragonlarioja.org\/fedens\/#website\"},\"datePublished\":\"2020-12-06T14:34:33+00:00\",\"dateModified\":\"2023-12-02T12:17:55+00:00\",\"description\":\"Ense\u00f1anza, CGT, Pedagog\u00eda libertaria, Laica, Inclusiva, Solidaria, Feminista, P\u00fablica\",\"breadcrumb\":{\"@id\":\"https:\/\/www.cgtaragonlarioja.org\/fedens\/#breadcrumb\"},\"inLanguage\":\"es\",\"potentialAction\":[{\"@type\":\"ReadAction\",\"target\":[\"https:\/\/www.cgtaragonlarioja.org\/fedens\/\"]}]},{\"@type\":\"BreadcrumbList\",\"@id\":\"https:\/\/www.cgtaragonlarioja.org\/fedens\/#breadcrumb\",\"itemListElement\":[{\"@type\":\"ListItem\",\"position\":1,\"name\":\"Portada\",\"item\":\"https:\/\/www.cgtaragonlarioja.org\/fedens\/\"},{\"@type\":\"ListItem\",\"position\":2,\"name\":\"Inicio\"}]},{\"@type\":\"WebSite\",\"@id\":\"https:\/\/www.cgtaragonlarioja.org\/fedens\/#website\",\"url\":\"https:\/\/www.cgtaragonlarioja.org\/fedens\/\",\"name\":\"CGT Arag\u00f3n - La Rioja. ENSE\u00d1ANZA\",\"description\":\"CONTACTAR: Calatayud-Aranda: 654897973 \/ Huesca: 974238404 \/ Teruel: 978619265 \/ Zaragoza: 976922002\",\"publisher\":{\"@id\":\"https:\/\/www.cgtaragonlarioja.org\/fedens\/#organization\"},\"potentialAction\":[{\"@type\":\"SearchAction\",\"target\":{\"@type\":\"EntryPoint\",\"urlTemplate\":\"https:\/\/www.cgtaragonlarioja.org\/fedens\/?s={search_term_string}\"},\"query-input\":{\"@type\":\"PropertyValueSpecification\",\"valueRequired\":true,\"valueName\":\"search_term_string\"}}],\"inLanguage\":\"es\"},{\"@type\":\"Organization\",\"@id\":\"https:\/\/www.cgtaragonlarioja.org\/fedens\/#organization\",\"name\":\"CGT Arag\u00f3n y La Rioja - Ense\u00f1anza\",\"url\":\"https:\/\/www.cgtaragonlarioja.org\/fedens\/\",\"logo\":{\"@type\":\"ImageObject\",\"inLanguage\":\"es\",\"@id\":\"https:\/\/www.cgtaragonlarioja.org\/fedens\/#\/schema\/logo\/image\/\",\"url\":\"https:\/\/www.cgtaragonlarioja.org\/fedens\/files\/2021\/02\/logo_cgt_ense_huesca_170x250.png\",\"contentUrl\":\"https:\/\/www.cgtaragonlarioja.org\/fedens\/files\/2021\/02\/logo_cgt_ense_huesca_170x250.png\",\"width\":170,\"height\":250,\"caption\":\"CGT Arag\u00f3n y La Rioja - Ense\u00f1anza\"},\"image\":{\"@id\":\"https:\/\/www.cgtaragonlarioja.org\/fedens\/#\/schema\/logo\/image\/\"},\"sameAs\":[\"https:\/\/www.facebook.com\/CGTEnseAragon\/\",\"https:\/\/x.com\/CGTeduAragon\"]}]}<\/script>\n<!-- \/ Yoast SEO plugin. -->","yoast_head_json":{"title":"Inicio - CONTACTAR: Calatayud-Aranda: 654897973 \/ Huesca: 974238404 \/ Teruel: 978619265 \/ Zaragoza: 976922002","description":"Ense\u00f1anza, CGT, Pedagog\u00eda libertaria, Laica, Inclusiva, Solidaria, Feminista, P\u00fablica","robots":{"index":"index","follow":"follow","max-snippet":"max-snippet:-1","max-image-preview":"max-image-preview:large","max-video-preview":"max-video-preview:-1"},"canonical":"https:\/\/www.cgtaragonlarioja.org\/fedens\/","og_locale":"es_ES","og_type":"article","og_title":"Inicio - CONTACTAR: Calatayud-Aranda: 654897973 \/ Huesca: 974238404 \/ Teruel: 978619265 \/ Zaragoza: 976922002","og_description":"Ense\u00f1anza, CGT, Pedagog\u00eda libertaria, Laica, Inclusiva, Solidaria, Feminista, P\u00fablica","og_url":"https:\/\/www.cgtaragonlarioja.org\/fedens\/","og_site_name":"CGT Arag\u00f3n - La Rioja. ENSE\u00d1ANZA","article_publisher":"https:\/\/www.facebook.com\/CGTEnseAragon\/","article_modified_time":"2023-12-02T12:17:55+00:00","twitter_card":"summary_large_image","twitter_site":"@CGTeduAragon","schema":{"@context":"https:\/\/schema.org","@graph":[{"@type":"WebPage","@id":"https:\/\/www.cgtaragonlarioja.org\/fedens\/","url":"https:\/\/www.cgtaragonlarioja.org\/fedens\/","name":"Inicio - CONTACTAR: Calatayud-Aranda: 654897973 \/ Huesca: 974238404 \/ Teruel: 978619265 \/ Zaragoza: 976922002","isPartOf":{"@id":"https:\/\/www.cgtaragonlarioja.org\/fedens\/#website"},"datePublished":"2020-12-06T14:34:33+00:00","dateModified":"2023-12-02T12:17:55+00:00","description":"Ense\u00f1anza, CGT, Pedagog\u00eda libertaria, Laica, Inclusiva, Solidaria, Feminista, P\u00fablica","breadcrumb":{"@id":"https:\/\/www.cgtaragonlarioja.org\/fedens\/#breadcrumb"},"inLanguage":"es","potentialAction":[{"@type":"ReadAction","target":["https:\/\/www.cgtaragonlarioja.org\/fedens\/"]}]},{"@type":"BreadcrumbList","@id":"https:\/\/www.cgtaragonlarioja.org\/fedens\/#breadcrumb","itemListElement":[{"@type":"ListItem","position":1,"name":"Portada","item":"https:\/\/www.cgtaragonlarioja.org\/fedens\/"},{"@type":"ListItem","position":2,"name":"Inicio"}]},{"@type":"WebSite","@id":"https:\/\/www.cgtaragonlarioja.org\/fedens\/#website","url":"https:\/\/www.cgtaragonlarioja.org\/fedens\/","name":"CGT Arag\u00f3n - La Rioja. ENSE\u00d1ANZA","description":"CONTACTAR: Calatayud-Aranda: 654897973 \/ Huesca: 974238404 \/ Teruel: 978619265 \/ Zaragoza: 976922002","publisher":{"@id":"https:\/\/www.cgtaragonlarioja.org\/fedens\/#organization"},"potentialAction":[{"@type":"SearchAction","target":{"@type":"EntryPoint","urlTemplate":"https:\/\/www.cgtaragonlarioja.org\/fedens\/?s={search_term_string}"},"query-input":{"@type":"PropertyValueSpecification","valueRequired":true,"valueName":"search_term_string"}}],"inLanguage":"es"},{"@type":"Organization","@id":"https:\/\/www.cgtaragonlarioja.org\/fedens\/#organization","name":"CGT Arag\u00f3n y La Rioja - Ense\u00f1anza","url":"https:\/\/www.cgtaragonlarioja.org\/fedens\/","logo":{"@type":"ImageObject","inLanguage":"es","@id":"https:\/\/www.cgtaragonlarioja.org\/fedens\/#\/schema\/logo\/image\/","url":"https:\/\/www.cgtaragonlarioja.org\/fedens\/files\/2021\/02\/logo_cgt_ense_huesca_170x250.png","contentUrl":"https:\/\/www.cgtaragonlarioja.org\/fedens\/files\/2021\/02\/logo_cgt_ense_huesca_170x250.png","width":170,"height":250,"caption":"CGT Arag\u00f3n y La Rioja - Ense\u00f1anza"},"image":{"@id":"https:\/\/www.cgtaragonlarioja.org\/fedens\/#\/schema\/logo\/image\/"},"sameAs":["https:\/\/www.facebook.com\/CGTEnseAragon\/","https:\/\/x.com\/CGTeduAragon"]}]}},"_links":{"self":[{"href":"https:\/\/www.cgtaragonlarioja.org\/fedens\/wp-json\/wp\/v2\/pages\/3974","targetHints":{"allow":["GET"]}}],"collection":[{"href":"https:\/\/www.cgtaragonlarioja.org\/fedens\/wp-json\/wp\/v2\/pages"}],"about":[{"href":"https:\/\/www.cgtaragonlarioja.org\/fedens\/wp-json\/wp\/v2\/types\/page"}],"author":[{"embeddable":true,"href":"https:\/\/www.cgtaragonlarioja.org\/fedens\/wp-json\/wp\/v2\/users\/1"}],"replies":[{"embeddable":true,"href":"https:\/\/www.cgtaragonlarioja.org\/fedens\/wp-json\/wp\/v2\/comments?post=3974"}],"version-history":[{"count":5,"href":"https:\/\/www.cgtaragonlarioja.org\/fedens\/wp-json\/wp\/v2\/pages\/3974\/revisions"}],"predecessor-version":[{"id":18291,"href":"https:\/\/www.cgtaragonlarioja.org\/fedens\/wp-json\/wp\/v2\/pages\/3974\/revisions\/18291"}],"wp:attachment":[{"href":"https:\/\/www.cgtaragonlarioja.org\/fedens\/wp-json\/wp\/v2\/media?parent=3974"}],"curies":[{"name":"wp","href":"https:\/\/api.w.org\/{rel}","templated":true}]}}